{"id":24216,"name":"uchwala-sejmiku-nr-iii53112010-z-dnia-2010-07-07","title":"Uchwa\u0142a Sejmiku nr III\/53\/11\/2010 z dnia 2010-07-07","desc":"","header":"Uchwa\u0142a Sejmiku nr III\/53\/11\/2010 z dnia 2010-07-07","lead":"","keywords":"","changes":"migracja danych","menu":"","path":"\/sejmik_wojewodztwa\/sesje_sejmiku\/uchwaly\/uchwala-sejmiku-nr-iii53112010-z-dnia-2010-07-07.html","url":"\/sejmik_wojewodztwa\/sesje_sejmiku\/uchwaly\/uchwala-sejmiku-nr-iii53112010-z-dnia-2010-07-07.html","infoOwner":"Urz\u0105d Marsza\u0142kowski Wojew\u00f3dztwa \u015al\u0105skiego","dateFirstPublicate":"2021-12-27 13:09:29","dateLastVersionPublicate":"2021-12-27 13:09:29","dateAvailableFrom":"","dateAvailableTo":"","type":"Uchwa\u0142a Sejmiku","pageParams":[{"id":"225","name":"DATA_OGLOSZENIA","description":"Data og\u0142oszenia","value":"2010-07-07"},{"id":"235","name":"W sprawie","description":"W sprawie","value":"zmian bud\u017cetu i w bud\u017cecie Wojew\u00f3dztwa \u015al\u0105skiego na 2010 rok"},{"id":"299","name":"NUMER_UCHWALY_SEJMIKU","description":"Numer uchwa\u0142y","value":"III\/53\/11\/2010"}],"components":[{"id":"bf6d5eba-d119-11e7-80a9-005056b46601","type":"ContentWYSIWYG","name":"Tre\u015b\u0107","description":"Tre\u015b\u0107 strony","content":{"content":"\u003Cp\u003ENa podstawie\u003Cbr \/\u003Eart. 18 pkt 6\u003Cbr \/\u003E ustawy z dnia 5 czerwca 1998 roku o samorz\u0105dzie wojew\u00f3dztwa\u003Cbr \/\u003E (tekst jednolity: Dz. U. Nr 142 z 2001 roku, poz. 1590 z p\u00f3\u017an. zm.)\u003C\/p\u003E\n\u003Cp\u003E\u00a0\u003C\/p\u003E\n\u003Cp\u003E\u003Cb\u003ESejmik Wojew\u00f3dztwa \u015al\u0105skiego \u003Cbr \/\u003Euchwala: \u003Cbr \/\u003E\u003Cbr \/\u003E\u00a7 1 \u003C\/b\u003E\u003C\/p\u003E\n\u003Col\u003E\n\u003Cli\u003E\u003Cbr \/\u003E \u003Cbr \/\u003E Dokonuje si\u0119 zmian bud\u017cetu Wojew\u00f3dztwa \u015al\u0105skiego na 2010 rok, polegaj\u0105cych na zwi\u0119kszeniu dochod\u00f3w i wydatk\u00f3w w\u0142asnych bud\u017cetu o kwot\u0119 og\u00f3\u0142em \u003Cb\u003E1 493 643 z\u0142\u003C\/b\u003E, zgodnie z wykazem stanowi\u0105cym za\u0142\u0105cznik nr 1 do niniejszej uchwa\u0142y. \u003Cbr \/\u003E\u003Cbr \/\u003E2. Zwi\u0119ksze\u0144, o kt\u00f3rych mowa w ust. 1, dokonuje si\u0119: \u003Cbr \/\u003E\u003Cbr \/\u003E\u003C\/li\u003E\n\u003C\/ol\u003E\n\u003Cp\u003E1) po stronie dochod\u00f3w w \u003Cb\u003Edz. 758 \u003C\/b\u003Eoraz po stronie wydatk\u00f3w w \u003Cb\u003Edz. 150 i dz. 750\u003C\/b\u003E \u2013 o kwot\u0119 \u003Cb\u003E850 000 z\u0142 \u003C\/b\u003E\u2013 celem wprowadzenia do bud\u017cetu Wojew\u00f3dztwa \u015al\u0105skiego na 2010 rok \u015brodk\u00f3w europejskich, kt\u00f3re b\u0119d\u0105 przekazywane przez Bank Gospodarstwa Krajowego na rachunek dochod\u00f3w bud\u017cetu wojew\u00f3dztwa na projekt w\u0142asny pn. \u201eDesign Silesia\u201d, \u003Cbr \/\u003E\u003Cbr \/\u003E2) po stronie dochod\u00f3w w \u003Cb\u003Edz. 758\u003C\/b\u003E oraz po stronie wydatk\u00f3w w \u003Cb\u003Edz. 801\u003C\/b\u003E \u2013 o kwot\u0119 \u003Cb\u003E643 643 z\u0142 \u003C\/b\u003E\u2013 celem wprowadzenia do bud\u017cetu Wojew\u00f3dztwa \u015al\u0105skiego na 2010 rok \u015brodk\u00f3w europejskich, kt\u00f3re b\u0119d\u0105 przekazywane przez Bank Gospodarstwa Krajowego na rachunek dochod\u00f3w bud\u017cetu wojew\u00f3dztwa na projekt w\u0142asny pn. \u201eBELFER ON-LINE \u2013 \u003Ci\u003EPrzygotowanie nauczycieli do kszta\u0142cenia kompetencji kluczowych uczni\u00f3w i doros\u0142ych przy wykorzystaniu platform e-learnigowych i cyfrowych narz\u0119dzi edukacyjnych\u003C\/i\u003E\u201d.\u003C\/p\u003E\n\u003Cul\u003E\n\u003Cli\u003E\u003Cb\u003E 2 \u003C\/b\u003E\u003C\/li\u003E\n\u003C\/ul\u003E\n\u003Col\u003E\n\u003Cli\u003E\u003Cbr \/\u003E \u003Cbr \/\u003E Dokonuje si\u0119 zmian bud\u017cetu Wojew\u00f3dztwa \u015al\u0105skiego na 2010 rok, polegaj\u0105cych na zmniejszeniu planu wydatk\u00f3w w\u0142asnych bud\u017cetu o kwot\u0119 \u003Cb\u003E2 500 000 z\u0142\u003C\/b\u003E, zgodnie z wyszczeg\u00f3lnieniem: \u003Cbr \/\u003E\u003Cbr \/\u003E\u003C\/li\u003E\n\u003C\/ol\u003E\n\u003Cp\u003Ew z\u0142\u003C\/p\u003E\n\u003Ctable width=\u0022358\u0022\u003E\n\u003Ctbody\u003E\n\u003Ctr\u003E\n\u003Ctd width=\u002235\u0022\u003E\u003Cbr \/\u003E\n\u003Cp\u003E\u003Cstrong\u003EDz.\u003C\/strong\u003E\u003C\/p\u003E\n\u003C\/td\u003E\n\u003Ctd width=\u002257\u0022\u003E\u003Cbr \/\u003E\n\u003Cp\u003E\u003Cstrong\u003ERozdz.\u003C\/strong\u003E\u003C\/p\u003E\n\u003C\/td\u003E\n\u003Ctd width=\u0022172\u0022\u003E\u003Cbr \/\u003E\n\u003Cp\u003E\u003Cstrong\u003EWyszczeg\u00f3lnienie\u003C\/strong\u003E\u003C\/p\u003E\n\u003C\/td\u003E\n\u003Ctd width=\u002294\u0022\u003E\u003Cbr \/\u003E\n\u003Cp\u003E\u003Cstrong\u003EWYDATKI\u003C\/strong\u003E\u003C\/p\u003E\n\u003C\/td\u003E\n\u003C\/tr\u003E\n\u003Ctr\u003E\n\u003Ctd width=\u002235\u0022\u003E\u003Cbr \/\u003E\n\u003Cp\u003E\u003Cstrong\u003E851\u003C\/strong\u003E\u003C\/p\u003E\n\u003C\/td\u003E\n\u003Ctd colspan=\u00222\u0022 width=\u0022229\u0022\u003E\u003Cbr \/\u003E\n\u003Cp\u003E\u003Cstrong\u003EOchrona zdrowia\u003C\/strong\u003E\u003C\/p\u003E\n\u003C\/td\u003E\n\u003Ctd width=\u002294\u0022\u003E\u003Cbr \/\u003E\n\u003Cp\u003E\u003Cstrong\u003E- 2\u00a0500 000\u003C\/strong\u003E\u003C\/p\u003E\n\u003C\/td\u003E\n\u003C\/tr\u003E\n\u003Ctr\u003E\n\u003Ctd width=\u002235\u0022\u003E\u003Cbr \/\u003E\n\u003Cp\u003E\u003Cstrong\u003E\u00a0\u003C\/strong\u003E\u003C\/p\u003E\n\u003C\/td\u003E\n\u003Ctd width=\u002257\u0022\u003E\u003Cbr \/\u003E\n\u003Cp\u003E85111\u003C\/p\u003E\n\u003C\/td\u003E\n\u003Ctd width=\u0022172\u0022\u003E\u003Cbr \/\u003E\n\u003Cp\u003ESzpitale og\u00f3lne\u003C\/p\u003E\n\u003C\/td\u003E\n\u003Ctd width=\u002294\u0022\u003E\u003Cbr \/\u003E\n\u003Cp\u003E- 2\u00a0500 000\u003C\/p\u003E\n\u003C\/td\u003E\n\u003C\/tr\u003E\n\u003Ctr\u003E\n\u003Ctd width=\u002235\u0022\u003E\u003Cbr \/\u003E\n\u003Cp\u003E\u003Cstrong\u003E\u00a0\u003C\/strong\u003E\u003C\/p\u003E\n\u003C\/td\u003E\n\u003Ctd width=\u002257\u0022\u003E\u003Cbr \/\u003E\n\u003Cp\u003E\u003Cstrong\u003E\u00a0\u003C\/strong\u003E\u003C\/p\u003E\n\u003C\/td\u003E\n\u003Ctd width=\u0022172\u0022\u003E\u003Cbr \/\u003E\n\u003Cp\u003EWydatki maj\u0105tkowe\u003C\/p\u003E\n\u003C\/td\u003E\n\u003Ctd width=\u002294\u0022\u003E\u003Cbr \/\u003E\n\u003Cp\u003E- 2\u00a0500 000\u003C\/p\u003E\n\u003C\/td\u003E\n\u003C\/tr\u003E\n\u003C\/tbody\u003E\n\u003C\/table\u003E\n\u003Col start=\u00222\u0022\u003E\n\u003Cli\u003E\u003Cbr \/\u003E \u003Cbr \/\u003E Dokonuje si\u0119 zmian bud\u017cetu Wojew\u00f3dztwa \u015al\u0105skiego na 2010 rok, polegaj\u0105cych na zwi\u0119kszeniu planu rozchod\u00f3w bud\u017cetu o kwot\u0119 \u003Cb\u003E2 500 000 z\u0142\u003C\/b\u003E, zgodnie z wyszczeg\u00f3lnieniem: \u003Cbr \/\u003E\u003Cbr \/\u003E\u003C\/li\u003E\n\u003C\/ol\u003E\n\u003Cul\u003E\n\u003Cli\u003E991 \u2013 Udzielone po\u017cyczki i kredyty.\u003C\/li\u003E\n\u003C\/ul\u003E\n\u003Col start=\u00223\u0022\u003E\n\u003Cli\u003E\u003Cbr \/\u003E \u003Cbr \/\u003E Zmian, o kt\u00f3rych mowa w ust. 1 i 2, dokonuje si\u0119 celem zabezpieczenia \u015brodk\u00f3w na udzielenie po\u017cyczek samodzielnym publicznym zak\u0142adom opieki zdrowotnej Wojew\u00f3dztwa \u015al\u0105skiego.\u003C\/li\u003E\n\u003C\/ol\u003E\n\u003Cul\u003E\n\u003Cli\u003E\u003Cb\u003E 3 \u003C\/b\u003E\u003C\/li\u003E\n\u003C\/ul\u003E\n\u003Col\u003E\n\u003Cli\u003E\u003Cbr \/\u003E \u003Cbr \/\u003E Dokonuje si\u0119 zmian w bud\u017cecie Wojew\u00f3dztwa \u015al\u0105skiego na 2010 rok, polegaj\u0105cych na przeniesieniu \u015brodk\u00f3w pomi\u0119dzy \u013dr\u00f3d\u0142ami dochod\u00f3w w\u0142asnych bud\u017cetu na kwot\u0119 \u003Cb\u003E2 125 z\u0142\u003C\/b\u003E, zgodnie z wyszczeg\u00f3lnieniem:\u003C\/li\u003E\n\u003C\/ol\u003E\n\u003Cp\u003Ew z\u0142\u003C\/p\u003E\n\u003Ctable width=\u0022448\u0022\u003E\n\u003Ctbody\u003E\n\u003Ctr\u003E\n\u003Ctd width=\u002229\u0022\u003E\u003Cbr \/\u003E\n\u003Cp\u003E\u003Cstrong\u003EDz.\u003C\/strong\u003E\u003C\/p\u003E\n\u003C\/td\u003E\n\u003Ctd width=\u002240\u0022\u003E\u003Cbr \/\u003E\n\u003Cp\u003E\u003Cstrong\u003ERozdz.\u003C\/strong\u003E\u003C\/p\u003E\n\u003C\/td\u003E\n\u003Ctd width=\u0022227\u0022\u003E\u003Cbr \/\u003E\n\u003Cp\u003E\u003Cstrong\u003EWyszczeg\u00f3lnienie\u003C\/strong\u003E\u003C\/p\u003E\n\u003C\/td\u003E\n\u003Ctd width=\u002276\u0022\u003E\u003Cbr \/\u003E\n\u003Cp\u003E\u003Cstrong\u003EZmniejszenia\u003C\/strong\u003E\u003C\/p\u003E\n\u003C\/td\u003E\n\u003Ctd width=\u002276\u0022\u003E\u003Cbr \/\u003E\n\u003Cp\u003E\u003Cstrong\u003EZwi\u0119kszenia\u003C\/strong\u003E\u003C\/p\u003E\n\u003C\/td\u003E\n\u003C\/tr\u003E\n\u003Ctr\u003E\n\u003Ctd width=\u002229\u0022\u003E\u003Cbr \/\u003E\n\u003Cp\u003E\u003Cstrong\u003E758\u003C\/strong\u003E\u003C\/p\u003E\n\u003C\/td\u003E\n\u003Ctd colspan=\u00222\u0022 width=\u0022268\u0022\u003E\u003Cbr \/\u003E\n\u003Cp\u003E\u003Cstrong\u003ER\u00f3\u017cne rozliczenia\u003C\/strong\u003E\u003C\/p\u003E\n\u003C\/td\u003E\n\u003Ctd width=\u002276\u0022\u003E\u003Cbr \/\u003E\n\u003Cp\u003E\u003Cstrong\u003E\u00a0\u003C\/strong\u003E\u003C\/p\u003E\n\u003C\/td\u003E\n\u003Ctd width=\u002276\u0022\u003E\u003Cbr \/\u003E\n\u003Cp\u003E\u003Cstrong\u003E\u00a0\u003C\/strong\u003E\u003C\/p\u003E\n\u003C\/td\u003E\n\u003C\/tr\u003E\n\u003Ctr\u003E\n\u003Ctd width=\u002229\u0022\u003E\u003Cbr \/\u003E\n\u003Cp\u003E\u003Cstrong\u003E\u00a0\u003C\/strong\u003E\u003C\/p\u003E\n\u003C\/td\u003E\n\u003Ctd width=\u002240\u0022\u003E\u003Cbr \/\u003E\n\u003Cp\u003E75862\u003C\/p\u003E\n\u003C\/td\u003E\n\u003Ctd width=\u0022227\u0022\u003E\u003Cbr \/\u003E\n\u003Cp\u003EProgram Operacyjny Kapita\u0142 Ludzki\u003C\/p\u003E\n\u003C\/td\u003E\n\u003Ctd width=\u002276\u0022\u003E\u003Cbr \/\u003E\n\u003Cp\u003E\u00a0\u003C\/p\u003E\n\u003C\/td\u003E\n\u003Ctd width=\u002276\u0022\u003E\u003Cbr \/\u003E\n\u003Cp\u003E\u00a0\u003C\/p\u003E\n\u003C\/td\u003E\n\u003C\/tr\u003E\n\u003Ctr\u003E\n\u003Ctd width=\u002229\u0022\u003E\u003Cbr \/\u003E\n\u003Cp\u003E\u003Cstrong\u003E\u00a0\u003C\/strong\u003E\u003C\/p\u003E\n\u003C\/td\u003E\n\u003Ctd width=\u002240\u0022\u003E\u003Cbr \/\u003E\n\u003Cp\u003E\u003Cstrong\u003E\u00a0\u003C\/strong\u003E\u003C\/p\u003E\n\u003C\/td\u003E\n\u003Ctd width=\u0022227\u0022\u003E\u003Cbr \/\u003E\n\u003Cp\u003EDochody bud\u017cetu w\u0142asnego Wojew\u00f3dztwa \u015al\u0105skiego na 2010 rok. Dochody w\u0142asne, w\u00a0tym bie\u017c\u0105ce. Fundusze strukturalne\u003C\/p\u003E\n\u003C\/td\u003E\n\u003Ctd width=\u002276\u0022\u003E\u003Cbr \/\u003E\n\u003Cp\u003E\u00a0\u003C\/p\u003E\n\u003C\/td\u003E\n\u003Ctd width=\u002276\u0022\u003E\u003Cbr \/\u003E\n\u003Cp\u003E2125\u003C\/p\u003E\n\u003C\/td\u003E\n\u003C\/tr\u003E\n\u003Ctr\u003E\n\u003Ctd width=\u002229\u0022\u003E\u003Cbr \/\u003E\n\u003Cp\u003E\u003Cstrong\u003E\u00a0\u003C\/strong\u003E\u003C\/p\u003E\n\u003C\/td\u003E\n\u003Ctd width=\u002240\u0022\u003E\u003Cbr \/\u003E\n\u003Cp\u003E\u00a0\u003C\/p\u003E\n\u003C\/td\u003E\n\u003Ctd width=\u0022227\u0022\u003E\u003Cbr \/\u003E\n\u003Cp\u003EDochody bud\u017cetu w\u0142asnego Wojew\u00f3dztwa \u015al\u0105skiego na 2010 rok. Dochody w\u0142asne, w\u00a0tym maj\u0105tkowe. Fundusze strukturalne\u003C\/p\u003E\n\u003C\/td\u003E\n\u003Ctd width=\u002276\u0022\u003E\u003Cbr \/\u003E\n\u003Cp\u003E2125\u003C\/p\u003E\n\u003C\/td\u003E\n\u003Ctd width=\u002276\u0022\u003E\u003Cbr \/\u003E\n\u003Cp\u003E\u00a0\u003C\/p\u003E\n\u003C\/td\u003E\n\u003C\/tr\u003E\n\u003C\/tbody\u003E\n\u003C\/table\u003E\n\u003Col start=\u00222\u0022\u003E\n\u003Cli\u003E\u003Cbr \/\u003E\u003Cbr \/\u003E Przeniesie\u0144, o kt\u00f3rych mowa w ust. 1, dokonuje si\u0119 celem dostosowania planu dochod\u00f3w Wydzia\u0142u Rozwoju Regionalnego do faktycznych potrzeb zwi\u0105zanych z prawid\u0142ow\u0105 realizacj\u0105 projekt\u00f3w w ramach Programu Operacyjnego Kapita\u0142 Ludzki. \u003Cbr \/\u003E\u003Cbr \/\u003E\u003C\/li\u003E\n\u003C\/ol\u003E\n\u003Cul\u003E\n\u003Cli\u003E\u003Cb\u003E 4 \u003C\/b\u003E\u003C\/li\u003E\n\u003C\/ul\u003E\n\u003Col\u003E\n\u003Cli\u003E\u003Cbr \/\u003E \u003Cbr \/\u003E Dokonuje si\u0119 zmian w bud\u017cecie Wojew\u00f3dztwa \u015al\u0105skiego na 2010 rok, polegaj\u0105cych na przeniesieniu \u015brodk\u00f3w pomi\u0119dzy dzia\u0142ami i rozdzia\u0142ami klasyfikacji bud\u017cetowej wydatk\u00f3w w\u0142asnych na kwot\u0119 og\u00f3\u0142em \u003Cb\u003E7 894 908 z\u0142\u003C\/b\u003E, zgodnie z wykazem stanowi\u0105cym za\u0142\u0105cznik nr 2 do niniejszej uchwa\u0142y. \u003Cbr \/\u003E\u003Cbr \/\u003E2. Przeniesie\u0144, o kt\u00f3rych mowa w ust. 1, dokonuje si\u0119: \u003Cbr \/\u003E\u003Cbr \/\u003E\u003C\/li\u003E\n\u003C\/ol\u003E\n\u003Cp\u003E1) pomi\u0119dzy \u003Cb\u003Edz. 150, dz. 630 a dz. 900\u003C\/b\u003E \u2013 na kwot\u0119 \u003Cb\u003E7 849 908 z\u0142\u003C\/b\u003E \u2013 celem zapewnienia \u015brodk\u00f3w na realizacj\u0119 Inicjatywy Wsp\u00f3lnoty Europejskiej JESSICA w Wojew\u00f3dztwie \u015al\u0105skim, \u003Cbr \/\u003E\u003Cbr \/\u003E2) pomi\u0119dzy \u003Cb\u003Edz. 750 a dz. 926\u003C\/b\u003E \u2013 na kwot\u0119 \u003Cb\u003E45 000 z\u0142\u003C\/b\u003E \u2013 celem zapewnienia \u015brodk\u00f3w na nagrody Marsza\u0142ka Wojew\u00f3dztwa \u015al\u0105skiego za wybitne osi\u0105gni\u0119cia sportowe.\u003C\/p\u003E\n\u003Cul\u003E\n\u003Cli\u003E\u003Cb\u003E 5 \u003C\/b\u003E\u003C\/li\u003E\n\u003C\/ul\u003E\n\u003Cp\u003EW uchwale Nr III\/45\/2\/2009 Sejmiku Wojew\u00f3dztwa \u015al\u0105skiego z dnia 17 grudnia 2009 roku w sprawie bud\u017cetu Wojew\u00f3dztwa \u015al\u0105skiego na rok 2010 w \u00a7 12, dotycz\u0105cym upowa\u017cnie\u0144 dla Zarz\u0105du Wojew\u00f3dztwa, w punkcie 12 kwot\u0119 \u201e1.128.000 z\u0142\u201d zmienia si\u0119 na kwot\u0119 \u201e3.628.000 z\u0142\u201d.\u003C\/p\u003E\n\u003Cul\u003E\n\u003Cli\u003E\u003Cb\u003E 6 \u003C\/b\u003E\u003C\/li\u003E\n\u003C\/ul\u003E\n\u003Cp\u003EWykonanie uchwa\u0142y powierza si\u0119 Zarz\u0105dowi Wojew\u00f3dztwa \u015al\u0105skiego.\u003C\/p\u003E\n\u003Cul\u003E\n\u003Cli\u003E\u003Cb\u003E 7 \u003C\/b\u003E\u003C\/li\u003E\n\u003C\/ul\u003E\n\u003Cp\u003EUchwa\u0142a wchodzi w \u017cycie z dniem podj\u0119cia.\u003C\/p\u003E","promotion":false}},{"id":"bf6dbc25-d119-11e7-80a9-005056b46601","type":"Gallery","name":"Galeria","description":"Galeria"},{"id":"bf6e1f6b-d119-11e7-80a9-005056b46601","type":"Attachment","name":"Za\u0142\u0105czniki","description":"Za\u0142\u0105czniki do strony"},{"id":"eba03b25-d9a7-11e7-b355-005056b70dba","type":"PageTitle","name":"","description":"Tytu\u0142 strony","content":{"title":"Uchwa\u0142a Sejmiku nr III\/53\/11\/2010 z dnia 2010-07-07"}},{"id":"eba07701-d9a7-11e7-b355-005056b70dba","type":"PageDescription","name":"","description":"Zajawka strony","content":[]},{"id":"1b1a7940-ff78-11e7-b81e-005056b7801d","type":"SectionDescription","name":"","description":"Zajawka sekcji","content":[]}]}