{"id":24144,"name":"uchwala-sejmiku-nr-iii55102010-z-dnia-2010-08-25","title":"Uchwa\u0142a Sejmiku nr III\/55\/10\/2010 z dnia 2010-08-25","desc":"","header":"Uchwa\u0142a Sejmiku nr III\/55\/10\/2010 z dnia 2010-08-25","lead":"","keywords":"","changes":"migracja danych","menu":"","path":"\/sejmik_wojewodztwa\/sesje_sejmiku\/uchwaly\/uchwala-sejmiku-nr-iii55102010-z-dnia-2010-08-25.html","url":"\/sejmik_wojewodztwa\/sesje_sejmiku\/uchwaly\/uchwala-sejmiku-nr-iii55102010-z-dnia-2010-08-25.html","infoOwner":"Urz\u0105d Marsza\u0142kowski Wojew\u00f3dztwa \u015al\u0105skiego","dateFirstPublicate":"2021-12-27 08:18:20","dateLastVersionPublicate":"2021-12-27 08:18:20","dateAvailableFrom":"","dateAvailableTo":"","type":"Uchwa\u0142a Sejmiku","pageParams":[{"id":"225","name":"DATA_OGLOSZENIA","description":"Data og\u0142oszenia","value":"2010-08-25"},{"id":"235","name":"W sprawie","description":"W sprawie","value":"zmian bud\u017cetu i w bud\u017cecie Wojew\u00f3dztwa \u015al\u0105skiego na 2010 rok"},{"id":"299","name":"NUMER_UCHWALY_SEJMIKU","description":"Numer uchwa\u0142y","value":"III\/55\/10\/2010"}],"components":[{"id":"bf6d5eba-d119-11e7-80a9-005056b46601","type":"ContentWYSIWYG","name":"Tre\u015b\u0107","description":"Tre\u015b\u0107 strony","content":{"content":"\u003Cdiv class=\u0022lead1\u0022\u003ENa podstawie\u003Cbr \/\u003Eart. 18 pkt 6\u003Cbr \/\u003E ustawy z dnia 5 czerwca 1998 roku o samorz\u0105dzie wojew\u00f3dztwa\u003Cbr \/\u003E (tekst jednolity Dz. U. Nr 142 z 2001 roku, poz. 1590 z p\u00f3\u017an. zm.)\u003C\/div\u003E\n\u003Cdiv class=\u0022tresc\u0022\u003E\n\u003Cdiv style=\u0022text-align: justify;\u0022\u003E\u003Cbr \/\u003E\n\u003Cdiv style=\u0022text-align: center;\u0022\u003E\u003Cspan style=\u0022font-weight: bold;\u0022\u003ESejmik Wojew\u00f3dztwa \u015al\u0105skiego \u003Cbr \/\u003Euchwala: \u003Cbr \/\u003E\u003Cbr \/\u003E\u00a7 1 \u003C\/span\u003E\u003C\/div\u003E\n\u003Cbr \/\u003E \u003Cbr \/\u003E1. Dokonuje si\u0119 zmian bud\u017cetu Wojew\u00f3dztwa \u015al\u0105skiego na 2010 rok, polegaj\u0105cych na zwi\u0119kszeniu planu dochod\u00f3w i wydatk\u00f3w w\u0142asnych, zgodnie z wykazem stanowi\u0105cym za\u0142\u0105cznik nr 1 do niniejszej uchwa\u0142y. \u003Cbr \/\u003E\u003Cbr \/\u003E2. Zwi\u0119ksze\u0144, o kt\u00f3rych mowa w ust. 1, dokonuje si\u0119 w \u003Cspan style=\u0022font-weight: bold;\u0022\u003Edz. 758\u003C\/span\u003E po stronie dochod\u00f3w i w \u003Cspan style=\u0022font-weight: bold;\u0022\u003Edz. 600\u003C\/span\u003E po stronie wydatk\u00f3w \u2013 na \u0142\u0105czn\u0105 kwot\u0119 \u003Cspan style=\u0022font-weight: bold;\u0022\u003E54 400 000 z\u0142\u003C\/span\u003E \u2013 celem zabezpieczenia \u015brodk\u00f3w z III cz\u0119\u015bci projektu bud\u017cetu Wojew\u00f3dztwa, przyj\u0119tego uchwa\u0142\u0105 Nr III\/45\/2\/2009 Sejmiku Wojew\u00f3dztwa \u015al\u0105skiego z dnia 17 grudnia 2009 roku w sprawie bud\u017cetu Wojew\u00f3dztwa \u015al\u0105skiego na 2010 rok, na prawid\u0142ow\u0105 realizacj\u0119 projektu w\u0142asnego pod nazw\u0105: \u003Cspan style=\u0022font-style: italic;\u0022\u003EDostawa Elektrycznych Zespo\u0142\u00f3w Trakcyjnych do wykonywania pasa\u017cerskich przewoz\u00f3w regionalnych\u003C\/span\u003E w ramach Dzia\u0142ania 7.2 Transport publiczny Regionalnego Programu Operacyjnego Wojew\u00f3dztwa \u015al\u0105skiego na lata 2007-2013. \u003Cbr \/\u003E\u003Cbr \/\u003E\u003Cbr \/\u003E\n\u003Cdiv style=\u0022text-align: center;\u0022\u003E\u003Cspan style=\u0022font-weight: bold;\u0022\u003E\u00a7 2 \u003C\/span\u003E\u003C\/div\u003E\n\u003Cbr \/\u003E \u003Cbr \/\u003E1. Dokonuje si\u0119 zmian w bud\u017cecie Wojew\u00f3dztwa \u015al\u0105skiego na 2010 rok, polegaj\u0105cych na przeniesieniu \u015brodk\u00f3w pomi\u0119dzy \u013dr\u00f3d\u0142ami dochod\u00f3w w\u0142asnych bud\u017cetu na kwot\u0119 \u003Cspan style=\u0022font-weight: bold;\u0022\u003E1 906 886 z\u0142,\u003C\/span\u003E zgodnie z wykazem stanowi\u0105cym za\u0142\u0105cznik nr 2 do niniejszej uchwa\u0142y. \u003Cbr \/\u003E\u003Cbr \/\u003E2. Przeniesie\u0144, o kt\u00f3rych mowa w ust. 1, dokonuje si\u0119 celem dostosowania planu dochod\u00f3w Wydzia\u0142u Rozwoju Regionalnego do faktycznych potrzeb zwi\u0105zanych z prawid\u0142ow\u0105 realizacj\u0105 Regionalnego Programu Operacyjnego Wojew\u00f3dztwa \u015al\u0105skiego na lata 2007-2013. \u003Cbr \/\u003E\u003Cbr \/\u003E\u003Cbr \/\u003E\n\u003Cdiv style=\u0022text-align: center;\u0022\u003E\u003Cspan style=\u0022font-weight: bold;\u0022\u003E\u00a7 3 \u003C\/span\u003E\u003C\/div\u003E\n\u003Cbr \/\u003E \u003Cbr \/\u003E1. Dokonuje si\u0119 zmian w bud\u017cecie Wojew\u00f3dztwa \u015al\u0105skiego na 2010 rok, polegaj\u0105cych na przeniesieniu \u015brodk\u00f3w pomi\u0119dzy dzia\u0142ami klasyfikacji bud\u017cetowej wydatk\u00f3w w\u0142asnych na kwot\u0119 \u003Cspan style=\u0022font-weight: bold;\u0022\u003E20 197 542 z\u0142,\u003C\/span\u003E zgodnie z wykazem stanowi\u0105cym za\u0142\u0105cznik nr 3 do niniejszej uchwa\u0142y. \u003Cbr \/\u003E\u003Cbr \/\u003E2. Przeniesie\u0144, o kt\u00f3rych mowa w ust. 1, dokonuje si\u0119 pomi\u0119dzy \u003Cspan style=\u0022font-weight: bold;\u0022\u003Edz. 150 a dz. 900 \u003C\/span\u003E\u2013 na kwot\u0119 1\u003Cspan style=\u0022font-weight: bold;\u0022\u003E6 647 393 z\u0142\u003C\/span\u003E - oraz pomi\u0119dzy \u003Cspan style=\u0022font-weight: bold;\u0022\u003Edz. 630 a dz. 900 \u003C\/span\u003E\u2013 na kwot\u0119 \u003Cspan style=\u0022font-weight: bold;\u0022\u003E3 550 149 z\u0142\u003C\/span\u003E - celem dostosowania planu wydatk\u00f3w Wydzia\u0142u Rozwoju Regionalnego i \u015al\u0105skiego Centrum Przedsi\u0119biorczo\u015bci do faktycznych potrzeb zwi\u0105zanych z prawid\u0142ow\u0105 realizacj\u0105 Regionalnego Programu Operacyjnego Wojew\u00f3dztwa \u015al\u0105skiego na lata 2007-2013. \u003Cbr \/\u003E\u003Cbr \/\u003E\u003Cbr \/\u003E\n\u003Cdiv style=\u0022text-align: center;\u0022\u003E\u003Cspan style=\u0022font-weight: bold;\u0022\u003E\u00a7 4 \u003C\/span\u003E\u003C\/div\u003E\n\u003Cbr \/\u003E \u003Cbr \/\u003EWykonanie uchwa\u0142y powierza si\u0119 Zarz\u0105dowi Wojew\u00f3dztwa \u015al\u0105skiego. \u003Cbr \/\u003E\u003Cbr \/\u003E\u003Cbr \/\u003E\n\u003Cdiv style=\u0022text-align: center;\u0022\u003E\u003Cspan style=\u0022font-weight: bold;\u0022\u003E\u00a7 5 \u003C\/span\u003E\u003C\/div\u003E\n\u003Cbr \/\u003E \u003Cbr \/\u003EUchwa\u0142a wchodzi w \u017cycie z dniem podj\u0119cia.\u003C\/div\u003E\n\u003C\/div\u003E","promotion":false}},{"id":"bf6dbc25-d119-11e7-80a9-005056b46601","type":"Gallery","name":"Galeria","description":"Galeria"},{"id":"bf6e1f6b-d119-11e7-80a9-005056b46601","type":"Attachment","name":"Za\u0142\u0105czniki","description":"Za\u0142\u0105czniki do strony","content":[{"src":"\/resource\/43921\/1283418355.pdf","extension":"PDF","name":"3a9b77bac5487dec65012976db8374ac.pdf","size":"173.44 KB"},{"src":"\/resource\/43921\/1283418380.pdf","extension":"PDF","name":"abd368e2ab3aaa276ac2dc09cd311a15.pdf","size":"181.16 KB"},{"src":"\/resource\/43921\/1283418405.pdf","extension":"PDF","name":"bc4f516dcbac4771f1bbe1f788f85b86.pdf","size":"180.4 KB"}]},{"id":"eba03b25-d9a7-11e7-b355-005056b70dba","type":"PageTitle","name":"","description":"Tytu\u0142 strony","content":{"title":"Uchwa\u0142a Sejmiku nr III\/55\/10\/2010 z dnia 2010-08-25"}},{"id":"eba07701-d9a7-11e7-b355-005056b70dba","type":"PageDescription","name":"","description":"Zajawka strony","content":[]},{"id":"1b1a7940-ff78-11e7-b81e-005056b7801d","type":"SectionDescription","name":"","description":"Zajawka sekcji","content":[]}]}