{"id":492,"name":"zamek-cieszyn","title":"Zamek Cieszyn","desc":"","header":"Zamek Cieszyn","lead":"ul. Zamkowa 3 a, b, c, 43-400 Cieszyn","keywords":"","changes":"zmiana na stanowisku dyrektora - Uchwa\u0142a nr 1523\/245\/VI\/2021 Zarz\u0105du Wojew\u00f3dztwa \u015al\u0105skiego z dnia 29.06.2021 r.","menu":"","path":"\/wojewodztwo\/jednostki_org_i_spolki_z_udzialem_wojewodztwa\/jednostki_kultury\/zamek-cieszyn.html","url":"\/wojewodztwo\/jednostki_org_i_spolki_z_udzialem_wojewodztwa\/jednostki_kultury\/zamek-cieszyn.html","infoOwner":"Urz\u0105d Marsza\u0142kowski Wojew\u00f3dztwa \u015al\u0105skiego","dateFirstPublicate":"2018-03-13 09:13:37","dateLastVersionPublicate":"2021-08-20 14:39:39","dateAvailableFrom":"2018-03-13 09:12:11","dateAvailableTo":"","type":"Zwyk\u0142a","pageParams":[],"components":[{"id":"bf6d5eba-d119-11e7-80a9-005056b46601","type":"ContentWYSIWYG","name":"Tre\u015b\u0107","description":"Tre\u015b\u0107 strony","content":{"content":"\u003Cp\u003EDyrektor: Magdalena Chor\u0105\u017cy \u2013 Suchy\u003Cbr \/\u003Etel.: +48 33 851 08 21\u003Cbr \/\u003E fax: +48 33 851 08 21 wew. 16 \u003Cbr \/\u003E e-mail: \u003Ca href=\u0022mailto:info@zamekcieszyn.pl\u0022\u003Einfo@zamekcieszyn.pl\u003C\/a\u003E\u003Cbr \/\u003E strona www: \u003Ca href=\u0022http:\/\/www.zamekcieszyn.pl\/\u0022 target=\u0022_blank\u0022 rel=\u0022noopener noreferrer\u0022 title=\u0022Otwracie strony w nowym oknie\u0022\u003Ewww.zamekcieszyn.pl\/\u003C\/a\u003E\u003Cbr \/\u003E strona bip: \u003Ca href=\u0022https:\/\/bip.um.cieszyn.pl\/artykul\/856\/19900\/dane-teleadresowe\u0022 title=\u0022Otwracie strony w nowym oknie\u0022 target=\u0022_blank\u0022 rel=\u0022noopener noreferrer\u0022\u003Ehttps:\/\/bip.um.cieszyn.pl\/artykul\/856\/19900\/dane-teleadresowe\u003C\/a\u003E\u003Cbr \/\u003E\u00a0\u003Cbr \/\u003E Zamek Cieszyn od 2005 roku funkcjonowa\u0142 jako gminna jednostka bud\u017cetowa pn. \u201e\u015al\u0105ski Zamek Sztuki i Przedsi\u0119biorczo\u015bci w Cieszynie\u201d, nast\u0119pnie od stycznia 2011 roku dzia\u0142a\u0142 pn. \u201eZamek Cieszyn. O\u015brodek Bada\u0144 i Dokumentacji nad Kultur\u0105 Materialn\u0105 i Wzornictwem\u201d jako komunalna instytucja kultury, o\u015brodek bada\u0144 i dokumentacji kultury materialnej i wzornictwa na \u015al\u0105sku. Od grudnia 2012 roku jest instytucj\u0105 kultury prowadzon\u0105 wsp\u00f3lnie przez dw\u00f3ch organizator\u00f3w tj. Miasto Cieszyn i Wojew\u00f3dztwo \u015al\u0105skie. \u003Cbr \/\u003E Do zada\u0144 Zamku Cieszyn nale\u017cy: promocja i pomoc we wdra\u017caniu wzornictwa, my\u015blenia projektowego oraz nowych technologii w sektorze publicznym i prywatnym, inicjowanie \u003Cbr \/\u003E i prowadzenie bada\u0144 dotycz\u0105cych kultury materialnej, przedsi\u0119biorczo\u015bci i wzornictwa, wspieranie rozwoju przedsi\u0119biorczo\u015bci, ochrona i popularyzacja rzemios\u0142a artystycznego i gin\u0105cych zawod\u00f3w oraz rozw\u00f3j i promocja turystyki kulturowej. Zamek Cieszyn realizuje swoje zadania poprzez prowadzenie dzia\u0142alno\u015bci wystawienniczej, szkoleniowej, badawczej i promocyjnej.\u003Cbr \/\u003E Od 2010 r. Zamek jest siedzib\u0105 Instytutu Projektowania dla Wszystkich im. prof. Micha\u0142a O\u017amina, dba o archiwum EIDD Design for All Europe, a tak\u017ce wspiera wszelkie pomys\u0142y, dzi\u0119ki kt\u00f3rym poprawia si\u0119 jako\u015b\u0107 przestrzeni publicznej oraz us\u0142ug. Dlatego co roku organizuje konferencj\u0119 i wystaw\u0119 z cyklu \u201eDizajn w przestrzeni publicznej\u201d. To szansa przyjrzenia si\u0119 zmianom zachodz\u0105cym w naszym otoczeniu \u2013 miejscach, w kt\u00f3rych \u017cyjemy: pracujemy, uczymy si\u0119, odpoczywamy, bawimy. Dotychczasowe edycje by\u0142y po\u015bwi\u0119cone takim kwestiom, jak bezpiecze\u0144stwo, dost\u0119pno\u015b\u0107, partycypacja, rewitalizacja region\u00f3w, miast i dzielnic, starzenie si\u0119 spo\u0142ecze\u0144stwa, miejskie ogrodnictwo, praca. Zaprasza tak\u017ce firmy, przedstawicieli administracji publicznej, projektant\u00f3w do udzia\u0142u w warsztatach projektowania us\u0142ug, w oparciu o metod\u0119 design thinking (my\u015blenie projektowe), kt\u00f3ra pomaga zrozumie\u0107 zmieniaj\u0105ce si\u0119 potrzeby u\u017cytkownik\u00f3w, oczekuj\u0105cych przyjaznych, \u201ekrojonych na miar\u0119\u201d produkt\u00f3w i us\u0142ug. Zamek organizuje od 2006 roku konkurs \u201e\u015al\u0105ska Rzecz\u201d dla firm, organizacji pozarz\u0105dowych i instytucji publicznych ze \u015al\u0105ska, kt\u00f3re dzi\u0119ki wsp\u00f3\u0142pracy z projektantami kreuj\u0105 now\u0105 jako\u015b\u0107 produkt\u00f3w i us\u0142ug w regionie. Zg\u0142aszane projekty musz\u0105 by\u0107 wdro\u017cone, a jury ocenia je pod k\u0105tem innowacyjno\u015bci i u\u017cyteczno\u015bci. \u003Cbr \/\u003E W wakacje projektanci i studenci projektowania graficznego uczestnicz\u0105 w \u201eLetniej Szkole Designu\u201d. Pod okiem do\u015bwiadczonych projektant\u00f3w i wyk\u0142adowc\u00f3w poszerzaj\u0105 swoje zawodowe kompetencje, projektuj\u0105c np. za\u0142o\u017cenia do systemu komunikacji wizualnej dla szpitala, mapy do alternatywnego zwiedzania Cieszyna, czy czytelne i zrozumia\u0142e dla u\u017cytkownik\u00f3w instrukcje.\u003C\/p\u003E","promotion":false}},{"id":"bf6dbc25-d119-11e7-80a9-005056b46601","type":"Gallery","name":"Galeria","description":"Galeria"},{"id":"bf6e1f6b-d119-11e7-80a9-005056b46601","type":"Attachment","name":"Za\u0142\u0105czniki","description":"Za\u0142\u0105czniki do strony"},{"id":"eba03b25-d9a7-11e7-b355-005056b70dba","type":"PageTitle","name":"","description":"Tytu\u0142 strony","content":{"title":"Zamek Cieszyn"}},{"id":"eba07701-d9a7-11e7-b355-005056b70dba","type":"PageDescription","name":"","description":"Zajawka strony","content":{"desc":"ul. Zamkowa 3 a, b, c, 43-400 Cieszyn"}},{"id":"1b1a7940-ff78-11e7-b81e-005056b7801d","type":"SectionDescription","name":"","description":"Zajawka sekcji","content":[]}]}